{"id":1089,"date":"2017-09-07T14:01:58","date_gmt":"2017-09-07T19:01:58","guid":{"rendered":"http:\/\/168.77.211.238\/cosmo.senacyt.gob.pa\/?page_id=673"},"modified":"2017-09-11T11:15:03","modified_gmt":"2017-09-11T16:15:03","slug":"colon","status":"publish","type":"page","link":"https:\/\/clubesdeciencia.senacyt.gob.pa\/index.php\/colon\/","title":{"rendered":"COL\u00d3N"},"content":{"rendered":"<div class=\"fusion-fullwidth fullwidth-box fusion-builder-row-1 nonhundred-percent-fullwidth non-hundred-percent-height-scrolling\" style=\"--awb-border-radius-top-left:0px;--awb-border-radius-top-right:0px;--awb-border-radius-bottom-right:0px;--awb-border-radius-bottom-left:0px;--awb-padding-top:20px;--awb-padding-bottom:20px;--awb-flex-wrap:wrap;\" ><div class=\"fusion-builder-row fusion-row\"><div class=\"fusion-layout-column fusion_builder_column fusion-builder-column-0 fusion_builder_column_1_1 1_1 fusion-one-full fusion-column-first fusion-column-last\" style=\"--awb-bg-size:cover;\"><div class=\"fusion-column-wrapper fusion-flex-column-wrapper-legacy\"><div class=\"fusion-text fusion-text-1\"><div class=\"mYVXT\">\n<div class=\"LS81yb VICjCf\" tabindex=\"-1\">\n<div class=\"hJDwNd-AhqUyc-uQSCkd purZT-AhqUyc-II5mzb pSzOP-AhqUyc-qWD73c JNdkSc\">\n<div class=\"oKdM2c\">\n<div id=\"h.p_dS4daI3t2Go2\" class=\"hJDwNd-AhqUyc-uQSCkd jXK9ad D2fZ2 OjCsFc wHaque GNzUNc\">\n<div class=\"jXK9ad-SmKAyb jXK9ad-SmKAyb-c4YZDc\">\n<div class=\"tyJCtd mGzaTb baZpAe\">\n<p id=\"h.p_HWgQXdFG2GpC\" class=\"zfr3Q\">Los nombres de los miembros de la CAF son:<\/p>\n<p id=\"h.p_-fn3TKov2HUM\" class=\"zfr3Q\">1. Estanislau Andrade de Sousa Col Rufo A Garay<\/p>\n<p id=\"h.p_r9rzYatd2HUQ\" class=\"zfr3Q\">2. Yisbel Gil Ortiz Col Benigno Jimenez Garay<\/p>\n<p id=\"h.p_7AJEgqj52HUY\" class=\"zfr3Q\">3. Ivan Corsen M Col Internacional del Caribe<\/p>\n<p id=\"h.p_-I67PoKt2HUY\" class=\"zfr3Q\">4. Josean Robinson Col Adelaida Herrera<\/p>\n<p id=\"h.p_tbuKBztW2HUc\" class=\"zfr3Q\">5. Jos\u00e9 Ladr\u00f3n de Guevara Col Rufo A Garay<\/p>\n<p id=\"h.p_ielNywSI2HUk\" class=\"zfr3Q\">6. Cirilo Kili\u00e9 Col Secundario Gatuncillo<\/p>\n<p id=\"h.p_2i9kan-U2HUo\" class=\"zfr3Q\">7. Paul P\u00e9rez Col IPT San Miguelito<\/p>\n<p id=\"h.p_-AQL_4Pi2HUs\" class=\"zfr3Q\">8 .Miguel Rudas Col Abel Bravo<\/p>\n<p id=\"h.p_ridfpWdJ2HU0\" class=\"zfr3Q\">9. Victor Hern\u00e1ndez Col Abel Bravo &#8212; Coordinador<\/p>\n<p id=\"h.p_aaQQ9YCn2HU4\" class=\"zfr3Q\">10. Yadira Esquivel Direcci\u00f3n Regional de Col\u00f3n<\/p>\n<p id=\"h.p_W0l2LXyt2HU8\" class=\"zfr3Q\">Acordamos que la pr\u00f3xima reuni\u00f3n ser\u00e1 el viernes 21 de Julio, probablemente en el Colegio Benigno Jim\u00e9nez Garay o la USMA<\/p>\n<p id=\"h.p_51ShYPhQ2HVE\" class=\"zfr3Q\">Los contenidos que desean trabajar son: LAS FUENTES RENOVABLES DE ENERG\u00cdA ( LNG, FOTOVOLTAICA, EOLICA), Escritura de art\u00edculos cient\u00edficos.<\/p>\n<\/div>\n<\/div>\n<\/div>\n<\/div>\n<\/div>\n<\/div>\n<\/div>\n<\/div><div class=\"fusion-clearfix\"><\/div><\/div><\/div><\/div><\/div>\n","protected":false},"excerpt":{"rendered":"","protected":false},"author":1,"featured_media":0,"parent":0,"menu_order":0,"comment_status":"closed","ping_status":"closed","template":"100-width.php","meta":[],"_links":{"self":[{"href":"https:\/\/clubesdeciencia.senacyt.gob.pa\/index.php\/wp-json\/wp\/v2\/pages\/1089"}],"collection":[{"href":"https:\/\/clubesdeciencia.senacyt.gob.pa\/index.php\/wp-json\/wp\/v2\/pages"}],"about":[{"href":"https:\/\/clubesdeciencia.senacyt.gob.pa\/index.php\/wp-json\/wp\/v2\/types\/page"}],"author":[{"embeddable":true,"href":"https:\/\/clubesdeciencia.senacyt.gob.pa\/index.php\/wp-json\/wp\/v2\/users\/1"}],"replies":[{"embeddable":true,"href":"https:\/\/clubesdeciencia.senacyt.gob.pa\/index.php\/wp-json\/wp\/v2\/comments?post=1089"}],"version-history":[{"count":1,"href":"https:\/\/clubesdeciencia.senacyt.gob.pa\/index.php\/wp-json\/wp\/v2\/pages\/1089\/revisions"}],"predecessor-version":[{"id":1162,"href":"https:\/\/clubesdeciencia.senacyt.gob.pa\/index.php\/wp-json\/wp\/v2\/pages\/1089\/revisions\/1162"}],"wp:attachment":[{"href":"https:\/\/clubesdeciencia.senacyt.gob.pa\/index.php\/wp-json\/wp\/v2\/media?parent=1089"}],"curies":[{"name":"wp","href":"https:\/\/api.w.org\/{rel}","templated":true}]}}